{"id":12390,"date":"2025-11-24T16:25:02","date_gmt":"2025-11-24T15:25:02","guid":{"rendered":"https:\/\/eclipseglassesspain.com\/2007-quand-et-ou\/"},"modified":"2026-04-14T17:58:50","modified_gmt":"2026-04-14T15:58:50","slug":"2007-quand-et-ou","status":"publish","type":"page","link":"https:\/\/eclipseglassesspain.com\/fr\/2007-quand-et-ou\/","title":{"rendered":"2007-Quand et o\u00f9"},"content":{"rendered":"\t\t<div data-elementor-type=\"wp-page\" data-elementor-id=\"12390\" class=\"elementor elementor-12390 elementor-7091\" data-elementor-post-type=\"page\">\n\t\t\t\t<div class=\"elementor-element elementor-element-e8cf22b e-flex e-con-boxed e-con e-parent\" data-id=\"e8cf22b\" data-element_type=\"container\" data-e-type=\"container\" data-settings=\"{&quot;background_background&quot;:&quot;classic&quot;}\">\n\t\t\t\t\t<div class=\"e-con-inner\">\n\t\t<div class=\"elementor-element elementor-element-d2042d7 pge-bnr e-flex e-con-boxed e-con e-child\" data-id=\"d2042d7\" data-element_type=\"container\" data-e-type=\"container\">\n\t\t\t\t\t<div class=\"e-con-inner\">\n\t\t\t\t<div class=\"elementor-element elementor-element-68516ca elementor-widget__width-initial elementor-widget elementor-widget-heading\" data-id=\"68516ca\" data-element_type=\"widget\" data-e-type=\"widget\" data-widget_type=\"heading.default\">\n\t\t\t\t\t<h1 class=\"elementor-heading-title elementor-size-default\">Quand et o\u00f9 observer les \u00e9clipses solaires<\/h1>\t\t\t\t<\/div>\n\t\t\t\t<div class=\"elementor-element elementor-element-a2504e3 elementor-widget-divider--view-line elementor-widget elementor-widget-divider\" data-id=\"a2504e3\" data-element_type=\"widget\" data-e-type=\"widget\" data-widget_type=\"divider.default\">\n\t\t\t\t\t\t\t<div class=\"elementor-divider\">\n\t\t\t<span class=\"elementor-divider-separator\">\n\t\t\t\t\t\t<\/span>\n\t\t<\/div>\n\t\t\t\t\t\t<\/div>\n\t\t\t\t\t<\/div>\n\t\t\t\t<\/div>\n\t\t\t\t\t<\/div>\n\t\t\t\t<\/div>\n\t\t<div class=\"elementor-element elementor-element-1283e55 e-flex e-con-boxed e-con e-parent\" data-id=\"1283e55\" data-element_type=\"container\" data-e-type=\"container\">\n\t\t\t\t\t<div class=\"e-con-inner\">\n\t\t<div class=\"elementor-element elementor-element-be6e5e9 e-con-full e-flex e-con e-child\" data-id=\"be6e5e9\" data-element_type=\"container\" data-e-type=\"container\">\n\t\t\t\t<div class=\"elementor-element elementor-element-3e78877 elementor-widget elementor-widget-heading\" data-id=\"3e78877\" data-element_type=\"widget\" data-e-type=\"widget\" data-widget_type=\"heading.default\">\n\t\t\t\t\t<h2 class=\"elementor-heading-title elementor-size-default\">Quand et o\u00f9 observer les \u00e9clipses solaires en Espagne<\/h2>\t\t\t\t<\/div>\n\t\t\t\t<div class=\"elementor-element elementor-element-cdf5cde elementor-widget elementor-widget-text-editor\" data-id=\"cdf5cde\" data-element_type=\"widget\" data-e-type=\"widget\" data-widget_type=\"text-editor.default\">\n\t\t\t\t\t\t\t\t\t<p>L\u2019Espagne s\u2019appr\u00eate \u00e0 vivre un \u00e9v\u00e9nement c\u00e9leste exceptionnel : <span style=\"color: #e95900;\"><strong>trois \u00e9clipses solaires spectaculaires en seulement trois<\/strong><\/span> ans. Entre 2026 et 2028, les cieux espagnols offriront un spectacle que les astronomes qualifient d\u00e9j\u00e0 de v\u00e9ritable miracle. Peu de pays au monde connaissent une telle concentration d\u2019\u00e9clipses, et la position g\u00e9ographique privil\u00e9gi\u00e9e de l\u2019Espagne en fait l\u2019un des meilleurs endroits sur Terre pour les observer.  <\/p><p>Que vous soyez un simple curieux ou un passionn\u00e9 de ph\u00e9nom\u00e8nes astronomiques, ces \u00e9clipses marqueront un moment inoubliable dans l\u2019histoire. Voici <span style=\"color: #e95900;\"><strong>quand et o\u00f9<\/strong><\/span> assister \u00e0 chacune d\u2019entre elles. <\/p>\t\t\t\t\t\t\t\t<\/div>\n\t\t\t\t<\/div>\n\t\t<div class=\"elementor-element elementor-element-5bf2de1 e-con-full e-flex e-con e-child\" data-id=\"5bf2de1\" data-element_type=\"container\" data-e-type=\"container\">\n\t\t\t\t<div class=\"elementor-element elementor-element-0f1e80d elementor-widget__width-initial bnr-pill elementor-countdown--label-block elementor-widget elementor-widget-countdown\" data-id=\"0f1e80d\" data-element_type=\"widget\" data-e-type=\"widget\" id=\"see-tmr\" data-widget_type=\"countdown.default\">\n\t\t\t\t\t\t\t<div class=\"elementor-countdown-wrapper\" data-date=\"1786557120\">\n\t\t\t<div class=\"elementor-countdown-item\"><span class=\"elementor-countdown-digits elementor-countdown-days\"><\/span> <span class=\"elementor-countdown-label\">Jours<\/span><\/div><div class=\"elementor-countdown-item\"><span class=\"elementor-countdown-digits elementor-countdown-hours\"><\/span> <span class=\"elementor-countdown-label\">Heures<\/span><\/div><div class=\"elementor-countdown-item\"><span class=\"elementor-countdown-digits elementor-countdown-minutes\"><\/span> <span class=\"elementor-countdown-label\">Minutes<\/span><\/div><div class=\"elementor-countdown-item\"><span class=\"elementor-countdown-digits elementor-countdown-seconds\"><\/span> <span class=\"elementor-countdown-label\">Secondes<\/span><\/div>\t\t<\/div>\n\t\t\t\t\t\t<\/div>\n\t\t\t\t<\/div>\n\t\t\t\t\t<\/div>\n\t\t\t\t<\/div>\n\t\t<div class=\"elementor-element elementor-element-dc80bf5 e-flex e-con-boxed e-con e-parent\" data-id=\"dc80bf5\" data-element_type=\"container\" data-e-type=\"container\" data-settings=\"{&quot;background_background&quot;:&quot;classic&quot;}\">\n\t\t\t\t\t<div class=\"e-con-inner\">\n\t\t<div class=\"elementor-element elementor-element-0d2be00 e-flex e-con-boxed e-con e-child\" data-id=\"0d2be00\" data-element_type=\"container\" data-e-type=\"container\" data-settings=\"{&quot;background_background&quot;:&quot;classic&quot;}\">\n\t\t\t\t\t<div class=\"e-con-inner\">\n\t\t<div class=\"elementor-element elementor-element-06967cf e-con-full e-flex e-con e-child\" data-id=\"06967cf\" data-element_type=\"container\" data-e-type=\"container\" data-settings=\"{&quot;background_background&quot;:&quot;classic&quot;}\">\n\t\t<div class=\"elementor-element elementor-element-2139f0d e-con-full e-flex e-con e-child\" data-id=\"2139f0d\" data-element_type=\"container\" data-e-type=\"container\">\n\t\t\t\t<div class=\"elementor-element elementor-element-5807bcf elementor-widget elementor-widget-image\" data-id=\"5807bcf\" data-element_type=\"widget\" data-e-type=\"widget\" data-widget_type=\"image.default\">\n\t\t\t\t\t\t\t\t\t\t\t\t\t\t\t<img fetchpriority=\"high\" decoding=\"async\" width=\"600\" height=\"444\" src=\"https:\/\/eclipseglassesspain.com\/wp-content\/uploads\/2026\/02\/eclipseglassesspain_spectrum_2007_when-where_001-2.webp\" class=\"attachment-full size-full wp-image-12292\" alt=\"Repr\u00e9sentation artistique d\u2019une \u00e9clipse solaire visible \u00e0 travers les nuages lors d\u2019une \u00e9clipse solaire en Espagne.\" srcset=\"https:\/\/eclipseglassesspain.com\/wp-content\/uploads\/2026\/02\/eclipseglassesspain_spectrum_2007_when-where_001-2.webp 600w, https:\/\/eclipseglassesspain.com\/wp-content\/uploads\/2026\/02\/eclipseglassesspain_spectrum_2007_when-where_001-2-300x222.webp 300w\" sizes=\"(max-width: 600px) 100vw, 600px\" \/>\t\t\t\t\t\t\t\t\t\t\t\t\t\t\t<\/div>\n\t\t\t\t<\/div>\n\t\t\t\t<\/div>\n\t\t<div class=\"elementor-element elementor-element-ea18a47 e-con-full e-flex e-con e-child\" data-id=\"ea18a47\" data-element_type=\"container\" data-e-type=\"container\" data-settings=\"{&quot;background_background&quot;:&quot;classic&quot;}\">\n\t\t<div class=\"elementor-element elementor-element-2834af9 e-con-full e-flex e-con e-child\" data-id=\"2834af9\" data-element_type=\"container\" data-e-type=\"container\">\n\t\t\t\t<div class=\"elementor-element elementor-element-37ee89e elementor-widget-mobile__width-initial elementor-widget elementor-widget-heading\" data-id=\"37ee89e\" data-element_type=\"widget\" data-e-type=\"widget\" data-widget_type=\"heading.default\">\n\t\t\t\t\t<h2 class=\"elementor-heading-title elementor-size-default\">12 ao\u00fbt 2026 \u2013 \u00c9clipse solaire totale<\/h2>\t\t\t\t<\/div>\n\t\t\t\t<div class=\"elementor-element elementor-element-3a35681 elementor-widget-mobile__width-inherit elementor-widget elementor-widget-text-editor\" data-id=\"3a35681\" data-element_type=\"widget\" data-e-type=\"widget\" data-widget_type=\"text-editor.default\">\n\t\t\t\t\t\t\t\t\tLe <span style=\"color: #e95900;\"><strong>12 ao\u00fbt 2026,<\/strong><\/span> l\u2019Espagne vivra une<span style=\"color: #e95900;\"> <\/span><strong><span style=\"color: #e95900;\">\u00e9clipse solaire totale,<\/span><\/strong> l\u2019un des spectacles naturels les plus impressionnants. Pendant la phase de totalit\u00e9, la Lune recouvrira compl\u00e8tement le Soleil, plongeant le jour dans une obscurit\u00e9 cr\u00e9pusculaire pendant plusieurs minutes. \n<h3 style=\"color: #2c2c2c; padding-top: 20px;\"><span style=\"color: #2c2c2c; padding-top: 20px;\">O\u00f9 l\u2019observer :<\/span><\/h3>\nLa <strong><span style=\"color: #2c2c2c;\">bande de totalit\u00e9<\/span><\/strong> traversera une grande partie du nord et du centre de l\u2019Espagne. Les principales provinces et villes concern\u00e9es : \n<ul>\n \t<li>A Coru\u00f1a et la c\u00f4te de Galice<\/li>\n \t<li>Valladolid<\/li>\n \t<li>Bilbao et le Pays basque<\/li>\n \t<li>Saragosse et la r\u00e9gion d\u2019Aragon<\/li>\n \t<li>Tarragone et la Communaut\u00e9 valencienne<\/li>\n<\/ul>\t\t\t\t\t\t\t\t<\/div>\n\t\t\t\t<div class=\"elementor-element elementor-element-77b7123 elementor-align-center elementor-widget elementor-widget-button\" data-id=\"77b7123\" data-element_type=\"widget\" data-e-type=\"widget\" data-widget_type=\"button.default\">\n\t\t\t\t\t\t\t\t\t\t<a class=\"elementor-button elementor-button-link elementor-size-sm\" href=\"https:\/\/eclipseglassesspain.com\/fr\/2008-eclipse-1\/\">\n\t\t\t\t\t\t<span class=\"elementor-button-content-wrapper\">\n\t\t\t\t\t\t<span class=\"elementor-button-icon\">\n\t\t\t\t<svg xmlns=\"http:\/\/www.w3.org\/2000\/svg\" width=\"16\" height=\"16\" viewBox=\"0 0 16 16\" fill=\"none\"><g clip-path=\"url(#clip0_1_325)\"><path d=\"M4.0213 0.0365602L4.0213 2.12626L12.3801 2.12626L0.289688 14.2167L1.78233 15.7093L13.8728 3.61891L13.8728 11.9777L15.9625 11.9777L15.9625 0.0365597L4.0213 0.0365602Z\" fill=\"white\"><\/path><\/g><defs><clipPath id=\"clip0_1_325\"><rect width=\"16\" height=\"16\" fill=\"white\"><\/rect><\/clipPath><\/defs><\/svg>\t\t\t<\/span>\n\t\t\t\t\t\t\t\t\t<span class=\"elementor-button-text\">En savoir plus<\/span>\n\t\t\t\t\t<\/span>\n\t\t\t\t\t<\/a>\n\t\t\t\t\t\t\t\t<\/div>\n\t\t\t\t<\/div>\n\t\t\t\t<\/div>\n\t\t\t\t\t<\/div>\n\t\t\t\t<\/div>\n\t\t\t\t\t<\/div>\n\t\t\t\t<\/div>\n\t\t<div class=\"elementor-element elementor-element-d623839 e-flex e-con-boxed e-con e-parent\" data-id=\"d623839\" data-element_type=\"container\" data-e-type=\"container\" data-settings=\"{&quot;background_background&quot;:&quot;classic&quot;}\">\n\t\t\t\t\t<div class=\"e-con-inner\">\n\t\t<div class=\"elementor-element elementor-element-c4a2181 e-flex e-con-boxed e-con e-child\" data-id=\"c4a2181\" data-element_type=\"container\" data-e-type=\"container\" data-settings=\"{&quot;background_background&quot;:&quot;classic&quot;}\">\n\t\t\t\t\t<div class=\"e-con-inner\">\n\t\t<div class=\"elementor-element elementor-element-b8b91f5 e-con-full e-flex e-con e-child\" data-id=\"b8b91f5\" data-element_type=\"container\" data-e-type=\"container\" data-settings=\"{&quot;background_background&quot;:&quot;classic&quot;}\">\n\t\t<div class=\"elementor-element elementor-element-285174a e-con-full e-flex e-con e-child\" data-id=\"285174a\" data-element_type=\"container\" data-e-type=\"container\">\n\t\t\t\t<div class=\"elementor-element elementor-element-70912dc elementor-widget-mobile__width-initial elementor-widget elementor-widget-heading\" data-id=\"70912dc\" data-element_type=\"widget\" data-e-type=\"widget\" data-widget_type=\"heading.default\">\n\t\t\t\t\t<h2 class=\"elementor-heading-title elementor-size-default\">2 ao\u00fbt 2027 \u2013 \u00c9clipse solaire totale<\/h2>\t\t\t\t<\/div>\n\t\t\t\t<div class=\"elementor-element elementor-element-40cd963 elementor-widget__width-initial elementor-widget-mobile__width-inherit elementor-widget elementor-widget-text-editor\" data-id=\"40cd963\" data-element_type=\"widget\" data-e-type=\"widget\" data-widget_type=\"text-editor.default\">\n\t\t\t\t\t\t\t\t\t\u00c0 peine un an plus tard, le <span style=\"color: #e95900;\"><strong>2 ao\u00fbt 2027<\/strong><\/span>, l\u2019Espagne sera de nouveau le th\u00e9\u00e2tre d\u2019une <span style=\"color: #e95900;\"><strong>\u00e9clipse solaire totale<\/strong><\/span>. Cette fois, la bande de totalit\u00e9 couvrira principalement le sud et l\u2019est du pays. Baptis\u00e9e \u00ab l\u2019\u00e9clipse solaire du si\u00e8cle \u00bb, elle offrira une dur\u00e9e record de plus de 6 minutes \u00e0 son point maximal.  \n<div class=\"elementor-element elementor-element-e71cdcf elementor-widget elementor-widget-heading\" data-id=\"e71cdcf\" data-element_type=\"widget\" data-widget_type=\"heading.default\">\n<h3 style=\"color: #2c2c2c; padding-top: 20px;\">O\u00f9 l\u2019observer :<\/h3>\n<\/div>\n<div>\n\nLa bande de totalit\u00e9 passera au sud de la ligne reliant Jerez \u00e0 Almer\u00eda, incluant :\n\n<\/div>\t\t\t\t\t\t\t\t<\/div>\n\t\t\t\t<div class=\"elementor-element elementor-element-88c89e7 elementor-widget__width-initial elementor-widget-mobile__width-inherit elementor-widget elementor-widget-text-editor\" data-id=\"88c89e7\" data-element_type=\"widget\" data-e-type=\"widget\" data-widget_type=\"text-editor.default\">\n\t\t\t\t\t\t\t\t\t<ul style=\"margin-top: 0px!important;\"><li>Cadix<\/li><li>Tarifa<\/li><li>Gibraltar et Alg\u00e9siras<\/li><li>Estepona<\/li><li>Marbella<\/li><li>Ronda<\/li><li>M\u00e1laga<\/li><\/ul>\t\t\t\t\t\t\t\t<\/div>\n\t\t\t\t<div class=\"elementor-element elementor-element-406a053 elementor-widget__width-initial elementor-widget-mobile__width-inherit elementor-widget elementor-widget-text-editor\" data-id=\"406a053\" data-element_type=\"widget\" data-e-type=\"widget\" data-widget_type=\"text-editor.default\">\n\t\t\t\t\t\t\t\t\t<p>Gr\u00e2ce au climat estival et \u00e0 la forte attractivit\u00e9 touristique de la r\u00e9gion, cet \u00e9v\u00e9nement devrait attirer des visiteurs du monde entier.<\/p>\t\t\t\t\t\t\t\t<\/div>\n\t\t\t\t<div class=\"elementor-element elementor-element-d64b4fc elementor-align-center elementor-widget elementor-widget-button\" data-id=\"d64b4fc\" data-element_type=\"widget\" data-e-type=\"widget\" data-widget_type=\"button.default\">\n\t\t\t\t\t\t\t\t\t\t<a class=\"elementor-button elementor-button-link elementor-size-sm\" href=\"https:\/\/eclipseglassesspain.com\/fr\/2009-eclipse-2\/\">\n\t\t\t\t\t\t<span class=\"elementor-button-content-wrapper\">\n\t\t\t\t\t\t<span class=\"elementor-button-icon\">\n\t\t\t\t<svg xmlns=\"http:\/\/www.w3.org\/2000\/svg\" width=\"16\" height=\"16\" viewBox=\"0 0 16 16\" fill=\"none\"><g clip-path=\"url(#clip0_1_325)\"><path d=\"M4.0213 0.0365602L4.0213 2.12626L12.3801 2.12626L0.289688 14.2167L1.78233 15.7093L13.8728 3.61891L13.8728 11.9777L15.9625 11.9777L15.9625 0.0365597L4.0213 0.0365602Z\" fill=\"white\"><\/path><\/g><defs><clipPath id=\"clip0_1_325\"><rect width=\"16\" height=\"16\" fill=\"white\"><\/rect><\/clipPath><\/defs><\/svg>\t\t\t<\/span>\n\t\t\t\t\t\t\t\t\t<span class=\"elementor-button-text\">En savoir plus<\/span>\n\t\t\t\t\t<\/span>\n\t\t\t\t\t<\/a>\n\t\t\t\t\t\t\t\t<\/div>\n\t\t\t\t<\/div>\n\t\t\t\t<\/div>\n\t\t<div class=\"elementor-element elementor-element-e1a116e e-con-full e-flex e-con e-child\" data-id=\"e1a116e\" data-element_type=\"container\" data-e-type=\"container\" data-settings=\"{&quot;background_background&quot;:&quot;classic&quot;}\">\n\t\t<div class=\"elementor-element elementor-element-f8a4339 e-con-full e-flex e-con e-child\" data-id=\"f8a4339\" data-element_type=\"container\" data-e-type=\"container\">\n\t\t\t\t<div class=\"elementor-element elementor-element-c19129b elementor-widget elementor-widget-image\" data-id=\"c19129b\" data-element_type=\"widget\" data-e-type=\"widget\" data-widget_type=\"image.default\">\n\t\t\t\t\t\t\t\t\t\t\t\t\t\t\t<img decoding=\"async\" width=\"600\" height=\"444\" src=\"https:\/\/eclipseglassesspain.com\/wp-content\/uploads\/2026\/02\/eclipseglassesspain_spectrum_2007_when-where_002-2.webp\" class=\"attachment-full size-full wp-image-12293\" alt=\"\u00c9clipse solaire totale avec couronne solaire visible, mettant en valeur l\u2019exp\u00e9rience de la totalit\u00e9 en Espagne.\" srcset=\"https:\/\/eclipseglassesspain.com\/wp-content\/uploads\/2026\/02\/eclipseglassesspain_spectrum_2007_when-where_002-2.webp 600w, https:\/\/eclipseglassesspain.com\/wp-content\/uploads\/2026\/02\/eclipseglassesspain_spectrum_2007_when-where_002-2-300x222.webp 300w\" sizes=\"(max-width: 600px) 100vw, 600px\" \/>\t\t\t\t\t\t\t\t\t\t\t\t\t\t\t<\/div>\n\t\t\t\t<\/div>\n\t\t\t\t<\/div>\n\t\t\t\t\t<\/div>\n\t\t\t\t<\/div>\n\t\t\t\t\t<\/div>\n\t\t\t\t<\/div>\n\t\t<div class=\"elementor-element elementor-element-2aa3636 e-flex e-con-boxed e-con e-parent\" data-id=\"2aa3636\" data-element_type=\"container\" data-e-type=\"container\" data-settings=\"{&quot;background_background&quot;:&quot;classic&quot;}\">\n\t\t\t\t\t<div class=\"e-con-inner\">\n\t\t<div class=\"elementor-element elementor-element-6a899b5 e-flex e-con-boxed e-con e-child\" data-id=\"6a899b5\" data-element_type=\"container\" data-e-type=\"container\" data-settings=\"{&quot;background_background&quot;:&quot;classic&quot;}\">\n\t\t\t\t\t<div class=\"e-con-inner\">\n\t\t<div class=\"elementor-element elementor-element-4a00fe1 e-con-full e-flex e-con e-child\" data-id=\"4a00fe1\" data-element_type=\"container\" data-e-type=\"container\" data-settings=\"{&quot;background_background&quot;:&quot;classic&quot;}\">\n\t\t<div class=\"elementor-element elementor-element-ea11d79 e-con-full e-flex e-con e-child\" data-id=\"ea11d79\" data-element_type=\"container\" data-e-type=\"container\">\n\t\t\t\t<div class=\"elementor-element elementor-element-3dab2b3 elementor-widget elementor-widget-image\" data-id=\"3dab2b3\" data-element_type=\"widget\" data-e-type=\"widget\" data-widget_type=\"image.default\">\n\t\t\t\t\t\t\t\t\t\t\t\t\t\t\t<img decoding=\"async\" width=\"600\" height=\"444\" src=\"https:\/\/eclipseglassesspain.com\/wp-content\/uploads\/2026\/02\/eclipseglassesspain_spectrum_2007_when-where_003-2.webp\" class=\"attachment-full size-full wp-image-12294\" alt=\"Effet de bague en diamant au d\u00e9but de la totalit\u00e9 lors d\u2019une \u00e9clipse solaire totale.\" srcset=\"https:\/\/eclipseglassesspain.com\/wp-content\/uploads\/2026\/02\/eclipseglassesspain_spectrum_2007_when-where_003-2.webp 600w, https:\/\/eclipseglassesspain.com\/wp-content\/uploads\/2026\/02\/eclipseglassesspain_spectrum_2007_when-where_003-2-300x222.webp 300w\" sizes=\"(max-width: 600px) 100vw, 600px\" \/>\t\t\t\t\t\t\t\t\t\t\t\t\t\t\t<\/div>\n\t\t\t\t<\/div>\n\t\t\t\t<\/div>\n\t\t<div class=\"elementor-element elementor-element-50a85d0 e-con-full e-flex e-con e-child\" data-id=\"50a85d0\" data-element_type=\"container\" data-e-type=\"container\" data-settings=\"{&quot;background_background&quot;:&quot;classic&quot;}\">\n\t\t<div class=\"elementor-element elementor-element-8bd67bc e-con-full e-flex e-con e-child\" data-id=\"8bd67bc\" data-element_type=\"container\" data-e-type=\"container\">\n\t\t\t\t<div class=\"elementor-element elementor-element-8ce962a elementor-widget-mobile__width-initial elementor-widget elementor-widget-heading\" data-id=\"8ce962a\" data-element_type=\"widget\" data-e-type=\"widget\" data-widget_type=\"heading.default\">\n\t\t\t\t\t<h2 class=\"elementor-heading-title elementor-size-default\">26 janvier 2028 \u2013 \u00c9clipse solaire annulaire<\/h2>\t\t\t\t<\/div>\n\t\t\t\t<div class=\"elementor-element elementor-element-cab6539 elementor-widget-mobile__width-inherit elementor-widget elementor-widget-text-editor\" data-id=\"cab6539\" data-element_type=\"widget\" data-e-type=\"widget\" data-widget_type=\"text-editor.default\">\n\t\t\t\t\t\t\t\t\t<p>Le <span style=\"color: #e95900;\"><strong>26 janvier 2028<\/strong><\/span>, l\u2019Espagne sera t\u00e9moin d\u2019une <span style=\"color: #e95900;\"><strong>\u00e9clipse solaire annulaire<\/strong><\/span>, souvent appel\u00e9e \u00ab anneau de feu \u00bb.<br> Dans ce type d\u2019\u00e9clipse, la Lune couvre le centre du Soleil, laissant un anneau lumineux spectaculaire visible autour. <\/p>\t\t\t\t\t\t\t\t<\/div>\n\t\t\t\t<div class=\"elementor-element elementor-element-17b87ca elementor-widget-mobile__width-inherit elementor-widget elementor-widget-text-editor\" data-id=\"17b87ca\" data-element_type=\"widget\" data-e-type=\"widget\" data-widget_type=\"text-editor.default\">\n\t\t\t\t\t\t\t\t\t<h3><strong>O\u00f9 l\u2019observer :<\/strong><\/h3><p>La <span style=\"color: #e95900;\"><strong>bande d\u2019annularit\u00e9<\/strong><\/span> traversera le sud de l\u2019Espagne, offrant une opportunit\u00e9 d\u2019observation hivernale sous un climat doux. Les principales zones concern\u00e9es : <\/p><ul><li>Andalousie : Malaga, S\u00e9ville, Grenade, Cordoue, Ja\u00e9n<\/li><li>Tol\u00e8de (\u00e0 seulement 40 km au sud-est de Madrid)<\/li><li>Murcie, Alicante et la Costa Blanca<\/li><li>Valence, Barcelone et la Catalogne<\/li><\/ul>\t\t\t\t\t\t\t\t<\/div>\n\t\t\t\t<div class=\"elementor-element elementor-element-124232a elementor-align-center elementor-widget elementor-widget-button\" data-id=\"124232a\" data-element_type=\"widget\" data-e-type=\"widget\" data-widget_type=\"button.default\">\n\t\t\t\t\t\t\t\t\t\t<a class=\"elementor-button elementor-button-link elementor-size-sm\" href=\"https:\/\/eclipseglassesspain.com\/fr\/2010-eclipse-3\/\">\n\t\t\t\t\t\t<span class=\"elementor-button-content-wrapper\">\n\t\t\t\t\t\t<span class=\"elementor-button-icon\">\n\t\t\t\t<svg xmlns=\"http:\/\/www.w3.org\/2000\/svg\" width=\"16\" height=\"16\" viewBox=\"0 0 16 16\" fill=\"none\"><g clip-path=\"url(#clip0_1_325)\"><path d=\"M4.0213 0.0365602L4.0213 2.12626L12.3801 2.12626L0.289688 14.2167L1.78233 15.7093L13.8728 3.61891L13.8728 11.9777L15.9625 11.9777L15.9625 0.0365597L4.0213 0.0365602Z\" fill=\"white\"><\/path><\/g><defs><clipPath id=\"clip0_1_325\"><rect width=\"16\" height=\"16\" fill=\"white\"><\/rect><\/clipPath><\/defs><\/svg>\t\t\t<\/span>\n\t\t\t\t\t\t\t\t\t<span class=\"elementor-button-text\">En savoir plus<\/span>\n\t\t\t\t\t<\/span>\n\t\t\t\t\t<\/a>\n\t\t\t\t\t\t\t\t<\/div>\n\t\t\t\t<\/div>\n\t\t\t\t<\/div>\n\t\t\t\t\t<\/div>\n\t\t\t\t<\/div>\n\t\t\t\t\t<\/div>\n\t\t\t\t<\/div>\n\t\t<div class=\"elementor-element elementor-element-39af917 e-flex e-con-boxed e-con e-parent\" data-id=\"39af917\" data-element_type=\"container\" data-e-type=\"container\" data-settings=\"{&quot;background_background&quot;:&quot;classic&quot;}\">\n\t\t\t\t\t<div class=\"e-con-inner\">\n\t\t<div class=\"elementor-element elementor-element-5bb68e5 e-flex e-con-boxed e-con e-child\" data-id=\"5bb68e5\" data-element_type=\"container\" data-e-type=\"container\" data-settings=\"{&quot;background_background&quot;:&quot;classic&quot;}\">\n\t\t\t\t\t<div class=\"e-con-inner\">\n\t\t<div class=\"elementor-element elementor-element-42bb3e4 e-con-full e-flex e-con e-child\" data-id=\"42bb3e4\" data-element_type=\"container\" data-e-type=\"container\" data-settings=\"{&quot;background_background&quot;:&quot;classic&quot;}\">\n\t\t<div class=\"elementor-element elementor-element-2bb11e6 e-con-full e-flex e-con e-child\" data-id=\"2bb11e6\" data-element_type=\"container\" data-e-type=\"container\">\n\t\t\t\t<div class=\"elementor-element elementor-element-ec926f0 elementor-widget elementor-widget-heading\" data-id=\"ec926f0\" data-element_type=\"widget\" data-e-type=\"widget\" data-widget_type=\"heading.default\">\n\t\t\t\t\t<h2 class=\"elementor-heading-title elementor-size-default\">Une occasion unique \u00e0 ne pas manquer<\/h2>\t\t\t\t<\/div>\n\t\t\t\t<div class=\"elementor-element elementor-element-6bf4f75 elementor-widget__width-initial elementor-widget-mobile__width-inherit elementor-widget elementor-widget-text-editor\" data-id=\"6bf4f75\" data-element_type=\"widget\" data-e-type=\"widget\" data-widget_type=\"text-editor.default\">\n\t\t\t\t\t\t\t\t\t<p>Assister \u00e0 trois \u00e9clipses solaires en<span style=\"color: #ff6600;\"><strong> trois ans cons\u00e9cutifs<\/strong><\/span> est une chance qui ne se reproduira pas avant plusieurs si\u00e8cles. Gr\u00e2ce \u00e0 ses ciels d\u00e9gag\u00e9s, ses paysages vari\u00e9s et ses infrastructures modernes, l\u2019Espagne est sans conteste l\u2019un des meilleurs endroits au monde pour vivre ces ph\u00e9nom\u00e8nes exceptionnels <\/p><p>Pr\u00e9parez-vous d\u00e8s maintenant : planifiez votre voyage, choisissez vos lieux d\u2019observation, et soyez t\u00e9moin d\u2019un moment c\u00e9leste historique.<\/p>\t\t\t\t\t\t\t\t<\/div>\n\t\t\t\t<div class=\"elementor-element elementor-element-705465e elementor-align-center elementor-widget elementor-widget-button\" data-id=\"705465e\" data-element_type=\"widget\" data-e-type=\"widget\" data-widget_type=\"button.default\">\n\t\t\t\t\t\t\t\t\t\t<a class=\"elementor-button elementor-button-link elementor-size-sm\" href=\"https:\/\/eclipseglassesspain.com\/product\/buy-spectrum-solar-eclipse-glasses\/\">\n\t\t\t\t\t\t<span class=\"elementor-button-content-wrapper\">\n\t\t\t\t\t\t<span class=\"elementor-button-icon\">\n\t\t\t\t<svg xmlns=\"http:\/\/www.w3.org\/2000\/svg\" width=\"16\" height=\"16\" viewBox=\"0 0 16 16\" fill=\"none\"><g clip-path=\"url(#clip0_1_325)\"><path d=\"M4.0213 0.0365602L4.0213 2.12626L12.3801 2.12626L0.289688 14.2167L1.78233 15.7093L13.8728 3.61891L13.8728 11.9777L15.9625 11.9777L15.9625 0.0365597L4.0213 0.0365602Z\" fill=\"white\"><\/path><\/g><defs><clipPath id=\"clip0_1_325\"><rect width=\"16\" height=\"16\" fill=\"white\"><\/rect><\/clipPath><\/defs><\/svg>\t\t\t<\/span>\n\t\t\t\t\t\t\t\t\t<span class=\"elementor-button-text\">order now<\/span>\n\t\t\t\t\t<\/span>\n\t\t\t\t\t<\/a>\n\t\t\t\t\t\t\t\t<\/div>\n\t\t\t\t<\/div>\n\t\t\t\t<\/div>\n\t\t<div class=\"elementor-element elementor-element-4e9c16a e-con-full e-flex e-con e-child\" data-id=\"4e9c16a\" data-element_type=\"container\" data-e-type=\"container\" data-settings=\"{&quot;background_background&quot;:&quot;classic&quot;}\">\n\t\t<div class=\"elementor-element elementor-element-de46d5c e-con-full e-flex e-con e-child\" data-id=\"de46d5c\" data-element_type=\"container\" data-e-type=\"container\">\n\t\t\t\t<div class=\"elementor-element elementor-element-73a66dc elementor-widget elementor-widget-image\" data-id=\"73a66dc\" data-element_type=\"widget\" data-e-type=\"widget\" data-widget_type=\"image.default\">\n\t\t\t\t\t\t\t\t\t\t\t\t\t\t\t<img loading=\"lazy\" decoding=\"async\" width=\"600\" height=\"400\" src=\"https:\/\/eclipseglassesspain.com\/wp-content\/uploads\/2026\/02\/eclipseglassesspain_spectrum_2007_when-where_004-2.webp\" class=\"attachment-full size-full wp-image-12295\" alt=\"Foule portant des lunettes d\u2019\u00e9clipse observant une \u00e9clipse solaire en Espagne, avec un paysage de clocher d\u2019\u00e9glise en arri\u00e8re-plan.\" srcset=\"https:\/\/eclipseglassesspain.com\/wp-content\/uploads\/2026\/02\/eclipseglassesspain_spectrum_2007_when-where_004-2.webp 600w, https:\/\/eclipseglassesspain.com\/wp-content\/uploads\/2026\/02\/eclipseglassesspain_spectrum_2007_when-where_004-2-300x200.webp 300w\" sizes=\"(max-width: 600px) 100vw, 600px\" \/>\t\t\t\t\t\t\t\t\t\t\t\t\t\t\t<\/div>\n\t\t\t\t<\/div>\n\t\t\t\t<\/div>\n\t\t\t\t\t<\/div>\n\t\t\t\t<\/div>\n\t\t\t\t\t<\/div>\n\t\t\t\t<\/div>\n\t\t\t\t<\/div>\n\t\t","protected":false},"excerpt":{"rendered":"<p>Quand et o\u00f9 observer les \u00e9clipses solaires Quand et o\u00f9 observer les \u00e9clipses solaires en Espagne L\u2019Espagne s\u2019appr\u00eate \u00e0 vivre [&hellip;]<\/p>\n","protected":false},"author":3,"featured_media":0,"parent":0,"menu_order":0,"comment_status":"closed","ping_status":"closed","template":"","meta":{"site-sidebar-layout":"no-sidebar","site-content-layout":"","ast-site-content-layout":"full-width-container","site-content-style":"default","site-sidebar-style":"default","ast-global-header-display":"","ast-banner-title-visibility":"","ast-main-header-display":"","ast-hfb-above-header-display":"","ast-hfb-below-header-display":"","ast-hfb-mobile-header-display":"","site-post-title":"disabled","ast-breadcrumbs-content":"","ast-featured-img":"disabled","footer-sml-layout":"","ast-disable-related-posts":"","theme-transparent-header-meta":"","adv-header-id-meta":"","stick-header-meta":"","header-above-stick-meta":"","header-main-stick-meta":"","header-below-stick-meta":"","astra-migrate-meta-layouts":"default","ast-page-background-enabled":"default","ast-page-background-meta":{"desktop":{"background-color":"var(--ast-global-color-5)","background-image":"","background-repeat":"repeat","background-position":"center center","background-size":"auto","background-attachment":"scroll","background-type":"","background-media":"","overlay-type":"","overlay-color":"","overlay-opacity":"","overlay-gradient":""},"tablet":{"background-color":"","background-image":"","background-repeat":"repeat","background-position":"center center","background-size":"auto","background-attachment":"scroll","background-type":"","background-media":"","overlay-type":"","overlay-color":"","overlay-opacity":"","overlay-gradient":""},"mobile":{"background-color":"","background-image":"","background-repeat":"repeat","background-position":"center center","background-size":"auto","background-attachment":"scroll","background-type":"","background-media":"","overlay-type":"","overlay-color":"","overlay-opacity":"","overlay-gradient":""}},"ast-content-background-meta":{"desktop":{"background-color":"var(--ast-global-color-4)","background-image":"","background-repeat":"repeat","background-position":"center center","background-size":"auto","background-attachment":"scroll","background-type":"","background-media":"","overlay-type":"","overlay-color":"","overlay-opacity":"","overlay-gradient":""},"tablet":{"background-color":"var(--ast-global-color-4)","background-image":"","background-repeat":"repeat","background-position":"center center","background-size":"auto","background-attachment":"scroll","background-type":"","background-media":"","overlay-type":"","overlay-color":"","overlay-opacity":"","overlay-gradient":""},"mobile":{"background-color":"var(--ast-global-color-4)","background-image":"","background-repeat":"repeat","background-position":"center center","background-size":"auto","background-attachment":"scroll","background-type":"","background-media":"","overlay-type":"","overlay-color":"","overlay-opacity":"","overlay-gradient":""}},"_glsr_average":0,"_glsr_ranking":0,"_glsr_reviews":0,"footnotes":""},"class_list":["post-12390","page","type-page","status-publish","hentry"],"_links":{"self":[{"href":"https:\/\/eclipseglassesspain.com\/fr\/wp-json\/wp\/v2\/pages\/12390","targetHints":{"allow":["GET"]}}],"collection":[{"href":"https:\/\/eclipseglassesspain.com\/fr\/wp-json\/wp\/v2\/pages"}],"about":[{"href":"https:\/\/eclipseglassesspain.com\/fr\/wp-json\/wp\/v2\/types\/page"}],"author":[{"embeddable":true,"href":"https:\/\/eclipseglassesspain.com\/fr\/wp-json\/wp\/v2\/users\/3"}],"replies":[{"embeddable":true,"href":"https:\/\/eclipseglassesspain.com\/fr\/wp-json\/wp\/v2\/comments?post=12390"}],"version-history":[{"count":4,"href":"https:\/\/eclipseglassesspain.com\/fr\/wp-json\/wp\/v2\/pages\/12390\/revisions"}],"predecessor-version":[{"id":12419,"href":"https:\/\/eclipseglassesspain.com\/fr\/wp-json\/wp\/v2\/pages\/12390\/revisions\/12419"}],"wp:attachment":[{"href":"https:\/\/eclipseglassesspain.com\/fr\/wp-json\/wp\/v2\/media?parent=12390"}],"curies":[{"name":"wp","href":"https:\/\/api.w.org\/{rel}","templated":true}]}}