{"id":12778,"date":"2025-11-24T16:25:02","date_gmt":"2025-11-24T15:25:02","guid":{"rendered":"https:\/\/eclipseglassesspain.com\/2007-quando-e-dove\/"},"modified":"2026-04-23T23:08:14","modified_gmt":"2026-04-23T21:08:14","slug":"2007-quando-e-dove","status":"publish","type":"page","link":"https:\/\/eclipseglassesspain.com\/it\/2007-quando-e-dove\/","title":{"rendered":"2007-Quando e Dove"},"content":{"rendered":"\t\t<div data-elementor-type=\"wp-page\" data-elementor-id=\"12778\" class=\"elementor elementor-12778 elementor-7091\" data-elementor-post-type=\"page\">\n\t\t\t\t<div class=\"elementor-element elementor-element-e8cf22b e-flex e-con-boxed e-con e-parent\" data-id=\"e8cf22b\" data-element_type=\"container\" data-e-type=\"container\" data-settings=\"{&quot;background_background&quot;:&quot;classic&quot;}\">\n\t\t\t\t\t<div class=\"e-con-inner\">\n\t\t<div class=\"elementor-element elementor-element-d2042d7 pge-bnr e-flex e-con-boxed e-con e-child\" data-id=\"d2042d7\" data-element_type=\"container\" data-e-type=\"container\">\n\t\t\t\t\t<div class=\"e-con-inner\">\n\t\t\t\t<div class=\"elementor-element elementor-element-68516ca elementor-widget__width-initial elementor-widget elementor-widget-heading\" data-id=\"68516ca\" data-element_type=\"widget\" data-e-type=\"widget\" data-widget_type=\"heading.default\">\n\t\t\t\t\t<h1 class=\"elementor-heading-title elementor-size-default\">Quando e Dove Vedere le Eclissi Solari<\/h1>\t\t\t\t<\/div>\n\t\t\t\t<div class=\"elementor-element elementor-element-a2504e3 elementor-widget-divider--view-line elementor-widget elementor-widget-divider\" data-id=\"a2504e3\" data-element_type=\"widget\" data-e-type=\"widget\" data-widget_type=\"divider.default\">\n\t\t\t\t\t\t\t<div class=\"elementor-divider\">\n\t\t\t<span class=\"elementor-divider-separator\">\n\t\t\t\t\t\t<\/span>\n\t\t<\/div>\n\t\t\t\t\t\t<\/div>\n\t\t\t\t\t<\/div>\n\t\t\t\t<\/div>\n\t\t\t\t\t<\/div>\n\t\t\t\t<\/div>\n\t\t<div class=\"elementor-element elementor-element-1283e55 e-flex e-con-boxed e-con e-parent\" data-id=\"1283e55\" data-element_type=\"container\" data-e-type=\"container\">\n\t\t\t\t\t<div class=\"e-con-inner\">\n\t\t<div class=\"elementor-element elementor-element-be6e5e9 e-con-full e-flex e-con e-child\" data-id=\"be6e5e9\" data-element_type=\"container\" data-e-type=\"container\">\n\t\t\t\t<div class=\"elementor-element elementor-element-3e78877 elementor-widget elementor-widget-heading\" data-id=\"3e78877\" data-element_type=\"widget\" data-e-type=\"widget\" data-widget_type=\"heading.default\">\n\t\t\t\t\t<h2 class=\"elementor-heading-title elementor-size-default\">Quando e Dove Vedere le Eclissi Solari in Spagna<\/h2>\t\t\t\t<\/div>\n\t\t\t\t<div class=\"elementor-element elementor-element-cdf5cde elementor-widget elementor-widget-text-editor\" data-id=\"cdf5cde\" data-element_type=\"widget\" data-e-type=\"widget\" data-widget_type=\"text-editor.default\">\n\t\t\t\t\t\t\t\t\t<p>La Spagna sta per vivere un evento celeste unico nella vita: <span style=\"color: #e95900;\"><strong>tre spettacolari eclissi solari in soli tre anni<\/strong><\/span>. Tra il 2026 e il 2028, i cieli spagnoli offriranno uno spettacolo che astronomi e appassionati descrivono come un vero miracolo. Pochi Paesi al mondo possono vantare una concentrazione di eclissi simile, e la posizione geografica della Spagna la rende uno dei luoghi migliori del pianeta per osservarle.  <\/p><p>Che tu sia un osservatore occasionale o un vero \u201ccacciatore di eclissi\u201d, questi fenomeni rappresenteranno momenti indimenticabili nella storia astronomica. Di seguito troverai <span style=\"color: #e95900;\"><strong>quando e dove<\/strong><\/span> vedere ciascuna eclissi solare. <\/p>\t\t\t\t\t\t\t\t<\/div>\n\t\t\t\t<\/div>\n\t\t<div class=\"elementor-element elementor-element-5bf2de1 e-con-full e-flex e-con e-child\" data-id=\"5bf2de1\" data-element_type=\"container\" data-e-type=\"container\">\n\t\t\t\t<div class=\"elementor-element elementor-element-0f1e80d elementor-widget__width-initial bnr-pill elementor-countdown--label-block elementor-widget elementor-widget-countdown\" data-id=\"0f1e80d\" data-element_type=\"widget\" data-e-type=\"widget\" id=\"see-tmr\" data-widget_type=\"countdown.default\">\n\t\t\t\t\t\t\t<div class=\"elementor-countdown-wrapper\" data-date=\"1786557120\">\n\t\t\t<div class=\"elementor-countdown-item\"><span class=\"elementor-countdown-digits elementor-countdown-days\"><\/span> <span class=\"elementor-countdown-label\">Giorni<\/span><\/div><div class=\"elementor-countdown-item\"><span class=\"elementor-countdown-digits elementor-countdown-hours\"><\/span> <span class=\"elementor-countdown-label\">Ore<\/span><\/div><div class=\"elementor-countdown-item\"><span class=\"elementor-countdown-digits elementor-countdown-minutes\"><\/span> <span class=\"elementor-countdown-label\">Minuti<\/span><\/div><div class=\"elementor-countdown-item\"><span class=\"elementor-countdown-digits elementor-countdown-seconds\"><\/span> <span class=\"elementor-countdown-label\">Secondi<\/span><\/div>\t\t<\/div>\n\t\t\t\t\t\t<\/div>\n\t\t\t\t<\/div>\n\t\t\t\t\t<\/div>\n\t\t\t\t<\/div>\n\t\t<div class=\"elementor-element elementor-element-dc80bf5 e-flex e-con-boxed e-con e-parent\" data-id=\"dc80bf5\" data-element_type=\"container\" data-e-type=\"container\" data-settings=\"{&quot;background_background&quot;:&quot;classic&quot;}\">\n\t\t\t\t\t<div class=\"e-con-inner\">\n\t\t<div class=\"elementor-element elementor-element-0d2be00 e-flex e-con-boxed e-con e-child\" data-id=\"0d2be00\" data-element_type=\"container\" data-e-type=\"container\" data-settings=\"{&quot;background_background&quot;:&quot;classic&quot;}\">\n\t\t\t\t\t<div class=\"e-con-inner\">\n\t\t<div class=\"elementor-element elementor-element-06967cf e-con-full e-flex e-con e-child\" data-id=\"06967cf\" data-element_type=\"container\" data-e-type=\"container\" data-settings=\"{&quot;background_background&quot;:&quot;classic&quot;}\">\n\t\t<div class=\"elementor-element elementor-element-2139f0d e-con-full e-flex e-con e-child\" data-id=\"2139f0d\" data-element_type=\"container\" data-e-type=\"container\">\n\t\t\t\t<div class=\"elementor-element elementor-element-5807bcf elementor-widget elementor-widget-image\" data-id=\"5807bcf\" data-element_type=\"widget\" data-e-type=\"widget\" data-widget_type=\"image.default\">\n\t\t\t\t\t\t\t\t\t\t\t\t\t\t\t<img fetchpriority=\"high\" decoding=\"async\" width=\"600\" height=\"444\" src=\"https:\/\/eclipseglassesspain.com\/wp-content\/uploads\/2026\/02\/eclipseglassesspain_spectrum_2007_when-where_001-2.webp\" class=\"attachment-full size-full wp-image-12774\" alt=\"Rappresentazione artistica di un\u2019eclissi solare visibile attraverso le nuvole durante un\u2019eclissi solare in Spagna.\" srcset=\"https:\/\/eclipseglassesspain.com\/wp-content\/uploads\/2026\/02\/eclipseglassesspain_spectrum_2007_when-where_001-2.webp 600w, https:\/\/eclipseglassesspain.com\/wp-content\/uploads\/2026\/02\/eclipseglassesspain_spectrum_2007_when-where_001-2-300x222.webp 300w\" sizes=\"(max-width: 600px) 100vw, 600px\" \/>\t\t\t\t\t\t\t\t\t\t\t\t\t\t\t<\/div>\n\t\t\t\t<\/div>\n\t\t\t\t<\/div>\n\t\t<div class=\"elementor-element elementor-element-ea18a47 e-con-full e-flex e-con e-child\" data-id=\"ea18a47\" data-element_type=\"container\" data-e-type=\"container\" data-settings=\"{&quot;background_background&quot;:&quot;classic&quot;}\">\n\t\t<div class=\"elementor-element elementor-element-2834af9 e-con-full e-flex e-con e-child\" data-id=\"2834af9\" data-element_type=\"container\" data-e-type=\"container\">\n\t\t\t\t<div class=\"elementor-element elementor-element-37ee89e elementor-widget-mobile__width-initial elementor-widget elementor-widget-heading\" data-id=\"37ee89e\" data-element_type=\"widget\" data-e-type=\"widget\" data-widget_type=\"heading.default\">\n\t\t\t\t\t<h2 class=\"elementor-heading-title elementor-size-default\">12 agosto 2026 \u2013 Eclissi Solare Totale<\/h2>\t\t\t\t<\/div>\n\t\t\t\t<div class=\"elementor-element elementor-element-3a35681 elementor-widget-mobile__width-inherit elementor-widget elementor-widget-text-editor\" data-id=\"3a35681\" data-element_type=\"widget\" data-e-type=\"widget\" data-widget_type=\"text-editor.default\">\n\t\t\t\t\t\t\t\t\tIl <span style=\"color: #e95900;\"><strong>12 agosto 2026<\/strong><\/span>, la Spagna vivr\u00e0 una<span style=\"color: #e95900;\"> <\/span><strong><span style=\"color: #e95900;\">eclissi solare totale<\/span><\/strong>, uno dei fenomeni naturali pi\u00f9 emozionanti e spettacolari.<br> Durante la totalit\u00e0, la Luna coprir\u00e0 completamente il Sole, trasformando il giorno in un crepuscolo per alcuni minuti. \n<h3 style=\"color: #2c2c2c; padding-top: 20px;\"><span style=\"color: #2c2c2c; padding-top: 20px;\">Dove vederla:<\/span><\/h3>\nLa <span style=\"color: #2c2c2c;\">fascia di totalit\u00e0<\/span> attraverser\u00e0 gran parte del nord e del centro della Spagna. Le province e le citt\u00e0 principali includono: \n<ul>\n \t<li>A Coru\u00f1a e la costa della Galizia<\/li>\n \t<li>Valladolid<\/li>\n \t<li>Bilbao e i Paesi Baschi<\/li>\n \t<li>Zaragoza e la regione dell\u2019Aragona<\/li>\n \t<li>Tarragona e la Comunit\u00e0 Valenciana<\/li>\n<\/ul>\t\t\t\t\t\t\t\t<\/div>\n\t\t\t\t<div class=\"elementor-element elementor-element-77b7123 elementor-align-center elementor-widget elementor-widget-button\" data-id=\"77b7123\" data-element_type=\"widget\" data-e-type=\"widget\" data-widget_type=\"button.default\">\n\t\t\t\t\t\t\t\t\t\t<a class=\"elementor-button elementor-button-link elementor-size-sm\" href=\"https:\/\/eclipseglassesspain.com\/it\/2008-eclipse-1\/\">\n\t\t\t\t\t\t<span class=\"elementor-button-content-wrapper\">\n\t\t\t\t\t\t<span class=\"elementor-button-icon\">\n\t\t\t\t<svg xmlns=\"http:\/\/www.w3.org\/2000\/svg\" width=\"16\" height=\"16\" viewBox=\"0 0 16 16\" fill=\"none\"><g clip-path=\"url(#clip0_1_325)\"><path d=\"M4.0213 0.0365602L4.0213 2.12626L12.3801 2.12626L0.289688 14.2167L1.78233 15.7093L13.8728 3.61891L13.8728 11.9777L15.9625 11.9777L15.9625 0.0365597L4.0213 0.0365602Z\" fill=\"white\"><\/path><\/g><defs><clipPath id=\"clip0_1_325\"><rect width=\"16\" height=\"16\" fill=\"white\"><\/rect><\/clipPath><\/defs><\/svg>\t\t\t<\/span>\n\t\t\t\t\t\t\t\t\t<span class=\"elementor-button-text\">Scopri di pi\u00f9<\/span>\n\t\t\t\t\t<\/span>\n\t\t\t\t\t<\/a>\n\t\t\t\t\t\t\t\t<\/div>\n\t\t\t\t<\/div>\n\t\t\t\t<\/div>\n\t\t\t\t\t<\/div>\n\t\t\t\t<\/div>\n\t\t\t\t\t<\/div>\n\t\t\t\t<\/div>\n\t\t<div class=\"elementor-element elementor-element-d623839 e-flex e-con-boxed e-con e-parent\" data-id=\"d623839\" data-element_type=\"container\" data-e-type=\"container\" data-settings=\"{&quot;background_background&quot;:&quot;classic&quot;}\">\n\t\t\t\t\t<div class=\"e-con-inner\">\n\t\t<div class=\"elementor-element elementor-element-c4a2181 e-flex e-con-boxed e-con e-child\" data-id=\"c4a2181\" data-element_type=\"container\" data-e-type=\"container\" data-settings=\"{&quot;background_background&quot;:&quot;classic&quot;}\">\n\t\t\t\t\t<div class=\"e-con-inner\">\n\t\t<div class=\"elementor-element elementor-element-b8b91f5 e-con-full e-flex e-con e-child\" data-id=\"b8b91f5\" data-element_type=\"container\" data-e-type=\"container\" data-settings=\"{&quot;background_background&quot;:&quot;classic&quot;}\">\n\t\t<div class=\"elementor-element elementor-element-285174a e-con-full e-flex e-con e-child\" data-id=\"285174a\" data-element_type=\"container\" data-e-type=\"container\">\n\t\t\t\t<div class=\"elementor-element elementor-element-70912dc elementor-widget-mobile__width-initial elementor-widget elementor-widget-heading\" data-id=\"70912dc\" data-element_type=\"widget\" data-e-type=\"widget\" data-widget_type=\"heading.default\">\n\t\t\t\t\t<h2 class=\"elementor-heading-title elementor-size-default\">2 agosto 2027 \u2013 Eclissi Solare Totale<\/h2>\t\t\t\t<\/div>\n\t\t\t\t<div class=\"elementor-element elementor-element-40cd963 elementor-widget__width-initial elementor-widget-mobile__width-inherit elementor-widget elementor-widget-text-editor\" data-id=\"40cd963\" data-element_type=\"widget\" data-e-type=\"widget\" data-widget_type=\"text-editor.default\">\n\t\t\t\t\t\t\t\t\tSolo un anno dopo, il <span style=\"color: #e95900;\">2 agosto 2027<\/span>, la Spagna sar\u00e0 nuovamente protagonista di un\u2019altra <span style=\"color: #e95900;\"><strong>eclissi solare totale<\/strong><\/span>. Questa volta, la fascia di totalit\u00e0 coprir\u00e0 le regioni meridionali e orientali del Paese. \u00c8 stata definita l\u2019\u201cEclissi del Secolo\u201d, poich\u00e9 raggiunger\u00e0 una durata record di circa 6 minuti nel suo punto massimo.  \n<div class=\"elementor-element elementor-element-e71cdcf elementor-widget elementor-widget-heading\" data-id=\"e71cdcf\" data-element_type=\"widget\" data-widget_type=\"heading.default\">\n<h3 style=\"color: #2c2c2c; padding-top: 20px;\">Dove vederla:<\/h3>\n<\/div>\n<div>\n\nLa zona di totalit\u00e0 passer\u00e0 a sud della linea Jerez-Almer\u00eda, includendo:\n\n<\/div>\t\t\t\t\t\t\t\t<\/div>\n\t\t\t\t<div class=\"elementor-element elementor-element-88c89e7 elementor-widget__width-initial elementor-widget-mobile__width-inherit elementor-widget elementor-widget-text-editor\" data-id=\"88c89e7\" data-element_type=\"widget\" data-e-type=\"widget\" data-widget_type=\"text-editor.default\">\n\t\t\t\t\t\t\t\t\t<ul style=\"margin-top: 0px!important;\"><li>C\u00e1diz<\/li><li>Tarifa<\/li><li>Gibilterra e Algeciras<\/li><li>Estepona<\/li><li>Marbella<\/li><li>Ronda<\/li><li>M\u00e1laga<\/li><\/ul>\t\t\t\t\t\t\t\t<\/div>\n\t\t\t\t<div class=\"elementor-element elementor-element-406a053 elementor-widget__width-initial elementor-widget-mobile__width-inherit elementor-widget elementor-widget-text-editor\" data-id=\"406a053\" data-element_type=\"widget\" data-e-type=\"widget\" data-widget_type=\"text-editor.default\">\n\t\t\t\t\t\t\t\t\t<p>Grazie al clima estivo e all\u2019ottima infrastruttura turistica, sar\u00e0 una delle mete pi\u00f9 attraenti al mondo per viaggiatori e astroturisti.<\/p>\t\t\t\t\t\t\t\t<\/div>\n\t\t\t\t<div class=\"elementor-element elementor-element-d64b4fc elementor-align-center elementor-widget elementor-widget-button\" data-id=\"d64b4fc\" data-element_type=\"widget\" data-e-type=\"widget\" data-widget_type=\"button.default\">\n\t\t\t\t\t\t\t\t\t\t<a class=\"elementor-button elementor-button-link elementor-size-sm\" href=\"https:\/\/eclipseglassesspain.com\/it\/2009-eclissi-2\/\">\n\t\t\t\t\t\t<span class=\"elementor-button-content-wrapper\">\n\t\t\t\t\t\t<span class=\"elementor-button-icon\">\n\t\t\t\t<svg xmlns=\"http:\/\/www.w3.org\/2000\/svg\" width=\"16\" height=\"16\" viewBox=\"0 0 16 16\" fill=\"none\"><g clip-path=\"url(#clip0_1_325)\"><path d=\"M4.0213 0.0365602L4.0213 2.12626L12.3801 2.12626L0.289688 14.2167L1.78233 15.7093L13.8728 3.61891L13.8728 11.9777L15.9625 11.9777L15.9625 0.0365597L4.0213 0.0365602Z\" fill=\"white\"><\/path><\/g><defs><clipPath id=\"clip0_1_325\"><rect width=\"16\" height=\"16\" fill=\"white\"><\/rect><\/clipPath><\/defs><\/svg>\t\t\t<\/span>\n\t\t\t\t\t\t\t\t\t<span class=\"elementor-button-text\">Scopri di pi\u00f9<\/span>\n\t\t\t\t\t<\/span>\n\t\t\t\t\t<\/a>\n\t\t\t\t\t\t\t\t<\/div>\n\t\t\t\t<\/div>\n\t\t\t\t<\/div>\n\t\t<div class=\"elementor-element elementor-element-e1a116e e-con-full e-flex e-con e-child\" data-id=\"e1a116e\" data-element_type=\"container\" data-e-type=\"container\" data-settings=\"{&quot;background_background&quot;:&quot;classic&quot;}\">\n\t\t<div class=\"elementor-element elementor-element-f8a4339 e-con-full e-flex e-con e-child\" data-id=\"f8a4339\" data-element_type=\"container\" data-e-type=\"container\">\n\t\t\t\t<div class=\"elementor-element elementor-element-c19129b elementor-widget elementor-widget-image\" data-id=\"c19129b\" data-element_type=\"widget\" data-e-type=\"widget\" data-widget_type=\"image.default\">\n\t\t\t\t\t\t\t\t\t\t\t\t\t\t\t<img decoding=\"async\" width=\"600\" height=\"444\" src=\"https:\/\/eclipseglassesspain.com\/wp-content\/uploads\/2026\/02\/eclipseglassesspain_spectrum_2007_when-where_002-2.webp\" class=\"attachment-full size-full wp-image-12775\" alt=\"Eclissi solare totale con la corona solare visibile, che mette in risalto l\u2019esperienza dell\u2019eclissi totale in Spagna.\" srcset=\"https:\/\/eclipseglassesspain.com\/wp-content\/uploads\/2026\/02\/eclipseglassesspain_spectrum_2007_when-where_002-2.webp 600w, https:\/\/eclipseglassesspain.com\/wp-content\/uploads\/2026\/02\/eclipseglassesspain_spectrum_2007_when-where_002-2-300x222.webp 300w\" sizes=\"(max-width: 600px) 100vw, 600px\" \/>\t\t\t\t\t\t\t\t\t\t\t\t\t\t\t<\/div>\n\t\t\t\t<\/div>\n\t\t\t\t<\/div>\n\t\t\t\t\t<\/div>\n\t\t\t\t<\/div>\n\t\t\t\t\t<\/div>\n\t\t\t\t<\/div>\n\t\t<div class=\"elementor-element elementor-element-2aa3636 e-flex e-con-boxed e-con e-parent\" data-id=\"2aa3636\" data-element_type=\"container\" data-e-type=\"container\" data-settings=\"{&quot;background_background&quot;:&quot;classic&quot;}\">\n\t\t\t\t\t<div class=\"e-con-inner\">\n\t\t<div class=\"elementor-element elementor-element-6a899b5 e-flex e-con-boxed e-con e-child\" data-id=\"6a899b5\" data-element_type=\"container\" data-e-type=\"container\" data-settings=\"{&quot;background_background&quot;:&quot;classic&quot;}\">\n\t\t\t\t\t<div class=\"e-con-inner\">\n\t\t<div class=\"elementor-element elementor-element-4a00fe1 e-con-full e-flex e-con e-child\" data-id=\"4a00fe1\" data-element_type=\"container\" data-e-type=\"container\" data-settings=\"{&quot;background_background&quot;:&quot;classic&quot;}\">\n\t\t<div class=\"elementor-element elementor-element-ea11d79 e-con-full e-flex e-con e-child\" data-id=\"ea11d79\" data-element_type=\"container\" data-e-type=\"container\">\n\t\t\t\t<div class=\"elementor-element elementor-element-3dab2b3 elementor-widget elementor-widget-image\" data-id=\"3dab2b3\" data-element_type=\"widget\" data-e-type=\"widget\" data-widget_type=\"image.default\">\n\t\t\t\t\t\t\t\t\t\t\t\t\t\t\t<img decoding=\"async\" width=\"600\" height=\"444\" src=\"https:\/\/eclipseglassesspain.com\/wp-content\/uploads\/2026\/02\/eclipseglassesspain_spectrum_2007_when-where_003-2.webp\" class=\"attachment-full size-full wp-image-12776\" alt=\"Effetto anello di diamante all\u2019inizio della totalit\u00e0 durante un\u2019eclissi solare totale.\" srcset=\"https:\/\/eclipseglassesspain.com\/wp-content\/uploads\/2026\/02\/eclipseglassesspain_spectrum_2007_when-where_003-2.webp 600w, https:\/\/eclipseglassesspain.com\/wp-content\/uploads\/2026\/02\/eclipseglassesspain_spectrum_2007_when-where_003-2-300x222.webp 300w\" sizes=\"(max-width: 600px) 100vw, 600px\" \/>\t\t\t\t\t\t\t\t\t\t\t\t\t\t\t<\/div>\n\t\t\t\t<\/div>\n\t\t\t\t<\/div>\n\t\t<div class=\"elementor-element elementor-element-50a85d0 e-con-full e-flex e-con e-child\" data-id=\"50a85d0\" data-element_type=\"container\" data-e-type=\"container\" data-settings=\"{&quot;background_background&quot;:&quot;classic&quot;}\">\n\t\t<div class=\"elementor-element elementor-element-8bd67bc e-con-full e-flex e-con e-child\" data-id=\"8bd67bc\" data-element_type=\"container\" data-e-type=\"container\">\n\t\t\t\t<div class=\"elementor-element elementor-element-8ce962a elementor-widget-mobile__width-initial elementor-widget elementor-widget-heading\" data-id=\"8ce962a\" data-element_type=\"widget\" data-e-type=\"widget\" data-widget_type=\"heading.default\">\n\t\t\t\t\t<h2 class=\"elementor-heading-title elementor-size-default\">26 gennaio 2028 \u2013 Eclissi Solare Anulare<\/h2>\t\t\t\t<\/div>\n\t\t\t\t<div class=\"elementor-element elementor-element-cab6539 elementor-widget-mobile__width-inherit elementor-widget elementor-widget-text-editor\" data-id=\"cab6539\" data-element_type=\"widget\" data-e-type=\"widget\" data-widget_type=\"text-editor.default\">\n\t\t\t\t\t\t\t\t\t<p>Il <span style=\"color: #e95900;\"><strong>26 gennaio 2028<\/strong><\/span>, la Spagna sar\u00e0 testimone di un\u2019<span style=\"color: #e95900;\"><strong>eclissi solare anulare<\/strong><\/span>, conosciuta anche come \u201cl\u2019anello di fuoco\u201d. In questo tipo di eclissi, la Luna copre il centro del Sole, lasciando visibile un anello luminoso intorno. <\/p>\t\t\t\t\t\t\t\t<\/div>\n\t\t\t\t<div class=\"elementor-element elementor-element-17b87ca elementor-widget-mobile__width-inherit elementor-widget elementor-widget-text-editor\" data-id=\"17b87ca\" data-element_type=\"widget\" data-e-type=\"widget\" data-widget_type=\"text-editor.default\">\n\t\t\t\t\t\t\t\t\t<h3><strong>Dove vederla:<\/strong><\/h3><p>La <strong>fascia di anularit\u00e0<\/strong> attraverser\u00e0 il sud della Spagna, offrendo un\u2019ottima occasione per l\u2019osservazione invernale in un clima mite.<br> Le aree principali includono: <\/p><ul><li>Andalusia (M\u00e1laga, Siviglia, Granada, C\u00f3rdoba, Ja\u00e9n)<\/li><li>Toledo, a circa 40 km a sud-est di Madrid<\/li><li>Murcia, Alicante e la Costa Blanca<\/li><li>Valencia, Barcellona e la Catalogna<\/li><\/ul>\t\t\t\t\t\t\t\t<\/div>\n\t\t\t\t<div class=\"elementor-element elementor-element-124232a elementor-align-center elementor-widget elementor-widget-button\" data-id=\"124232a\" data-element_type=\"widget\" data-e-type=\"widget\" data-widget_type=\"button.default\">\n\t\t\t\t\t\t\t\t\t\t<a class=\"elementor-button elementor-button-link elementor-size-sm\" href=\"https:\/\/eclipseglassesspain.com\/it\/2010-eclissi-3\/\">\n\t\t\t\t\t\t<span class=\"elementor-button-content-wrapper\">\n\t\t\t\t\t\t<span class=\"elementor-button-icon\">\n\t\t\t\t<svg xmlns=\"http:\/\/www.w3.org\/2000\/svg\" width=\"16\" height=\"16\" viewBox=\"0 0 16 16\" fill=\"none\"><g clip-path=\"url(#clip0_1_325)\"><path d=\"M4.0213 0.0365602L4.0213 2.12626L12.3801 2.12626L0.289688 14.2167L1.78233 15.7093L13.8728 3.61891L13.8728 11.9777L15.9625 11.9777L15.9625 0.0365597L4.0213 0.0365602Z\" fill=\"white\"><\/path><\/g><defs><clipPath id=\"clip0_1_325\"><rect width=\"16\" height=\"16\" fill=\"white\"><\/rect><\/clipPath><\/defs><\/svg>\t\t\t<\/span>\n\t\t\t\t\t\t\t\t\t<span class=\"elementor-button-text\">Scopri di pi\u00f9<\/span>\n\t\t\t\t\t<\/span>\n\t\t\t\t\t<\/a>\n\t\t\t\t\t\t\t\t<\/div>\n\t\t\t\t<\/div>\n\t\t\t\t<\/div>\n\t\t\t\t\t<\/div>\n\t\t\t\t<\/div>\n\t\t\t\t\t<\/div>\n\t\t\t\t<\/div>\n\t\t<div class=\"elementor-element elementor-element-39af917 e-flex e-con-boxed e-con e-parent\" data-id=\"39af917\" data-element_type=\"container\" data-e-type=\"container\" data-settings=\"{&quot;background_background&quot;:&quot;classic&quot;}\">\n\t\t\t\t\t<div class=\"e-con-inner\">\n\t\t<div class=\"elementor-element elementor-element-5bb68e5 e-flex e-con-boxed e-con e-child\" data-id=\"5bb68e5\" data-element_type=\"container\" data-e-type=\"container\" data-settings=\"{&quot;background_background&quot;:&quot;classic&quot;}\">\n\t\t\t\t\t<div class=\"e-con-inner\">\n\t\t<div class=\"elementor-element elementor-element-42bb3e4 e-con-full e-flex e-con e-child\" data-id=\"42bb3e4\" data-element_type=\"container\" data-e-type=\"container\" data-settings=\"{&quot;background_background&quot;:&quot;classic&quot;}\">\n\t\t<div class=\"elementor-element elementor-element-2bb11e6 e-con-full e-flex e-con e-child\" data-id=\"2bb11e6\" data-element_type=\"container\" data-e-type=\"container\">\n\t\t\t\t<div class=\"elementor-element elementor-element-ec926f0 elementor-widget elementor-widget-heading\" data-id=\"ec926f0\" data-element_type=\"widget\" data-e-type=\"widget\" data-widget_type=\"heading.default\">\n\t\t\t\t\t<h2 class=\"elementor-heading-title elementor-size-default\">Un\u2019Opportunit\u00e0 Unica<\/h2>\t\t\t\t<\/div>\n\t\t\t\t<div class=\"elementor-element elementor-element-6bf4f75 elementor-widget__width-initial elementor-widget-mobile__width-inherit elementor-widget elementor-widget-text-editor\" data-id=\"6bf4f75\" data-element_type=\"widget\" data-e-type=\"widget\" data-widget_type=\"text-editor.default\">\n\t\t\t\t\t\t\t\t\t<p>Assistere a tre eclissi solari <span style=\"color: #ff6600;\">consecutive in tre anni<\/span> \u00e8 un dono che non si ripeter\u00e0 per secoli.<br> La combinazione di cieli limpidi, paesaggi suggestivi e infrastrutture moderne fa della Spagna uno dei luoghi migliori al mondo per vivere questi fenomeni astronomici. <\/p><p>Pianifica per tempo, scegli con cura i luoghi di osservazione e preparati a essere parte di un momento celeste storico.<\/p>\t\t\t\t\t\t\t\t<\/div>\n\t\t\t\t<div class=\"elementor-element elementor-element-705465e elementor-align-center elementor-widget elementor-widget-button\" data-id=\"705465e\" data-element_type=\"widget\" data-e-type=\"widget\" data-widget_type=\"button.default\">\n\t\t\t\t\t\t\t\t\t\t<a class=\"elementor-button elementor-button-link elementor-size-sm\" href=\"https:\/\/eclipseglassesspain.com\/product\/buy-spectrum-solar-eclipse-glasses\/\">\n\t\t\t\t\t\t<span class=\"elementor-button-content-wrapper\">\n\t\t\t\t\t\t<span class=\"elementor-button-icon\">\n\t\t\t\t<svg xmlns=\"http:\/\/www.w3.org\/2000\/svg\" width=\"16\" height=\"16\" viewBox=\"0 0 16 16\" fill=\"none\"><g clip-path=\"url(#clip0_1_325)\"><path d=\"M4.0213 0.0365602L4.0213 2.12626L12.3801 2.12626L0.289688 14.2167L1.78233 15.7093L13.8728 3.61891L13.8728 11.9777L15.9625 11.9777L15.9625 0.0365597L4.0213 0.0365602Z\" fill=\"white\"><\/path><\/g><defs><clipPath id=\"clip0_1_325\"><rect width=\"16\" height=\"16\" fill=\"white\"><\/rect><\/clipPath><\/defs><\/svg>\t\t\t<\/span>\n\t\t\t\t\t\t\t\t\t<span class=\"elementor-button-text\">ordina ora<\/span>\n\t\t\t\t\t<\/span>\n\t\t\t\t\t<\/a>\n\t\t\t\t\t\t\t\t<\/div>\n\t\t\t\t<\/div>\n\t\t\t\t<\/div>\n\t\t<div class=\"elementor-element elementor-element-4e9c16a e-con-full e-flex e-con e-child\" data-id=\"4e9c16a\" data-element_type=\"container\" data-e-type=\"container\" data-settings=\"{&quot;background_background&quot;:&quot;classic&quot;}\">\n\t\t<div class=\"elementor-element elementor-element-de46d5c e-con-full e-flex e-con e-child\" data-id=\"de46d5c\" data-element_type=\"container\" data-e-type=\"container\">\n\t\t\t\t<div class=\"elementor-element elementor-element-73a66dc elementor-widget elementor-widget-image\" data-id=\"73a66dc\" data-element_type=\"widget\" data-e-type=\"widget\" data-widget_type=\"image.default\">\n\t\t\t\t\t\t\t\t\t\t\t\t\t\t\t<img loading=\"lazy\" decoding=\"async\" width=\"600\" height=\"400\" src=\"https:\/\/eclipseglassesspain.com\/wp-content\/uploads\/2026\/02\/eclipseglassesspain_spectrum_2007_when-where_004-2.webp\" class=\"attachment-full size-full wp-image-12777\" alt=\"Folla che indossa occhiali per eclissi mentre osserva un\u2019eclissi solare in Spagna, con un paesaggio di chiesa sullo sfondo.\" srcset=\"https:\/\/eclipseglassesspain.com\/wp-content\/uploads\/2026\/02\/eclipseglassesspain_spectrum_2007_when-where_004-2.webp 600w, https:\/\/eclipseglassesspain.com\/wp-content\/uploads\/2026\/02\/eclipseglassesspain_spectrum_2007_when-where_004-2-300x200.webp 300w\" sizes=\"(max-width: 600px) 100vw, 600px\" \/>\t\t\t\t\t\t\t\t\t\t\t\t\t\t\t<\/div>\n\t\t\t\t<\/div>\n\t\t\t\t<\/div>\n\t\t\t\t\t<\/div>\n\t\t\t\t<\/div>\n\t\t\t\t\t<\/div>\n\t\t\t\t<\/div>\n\t\t\t\t<\/div>\n\t\t","protected":false},"excerpt":{"rendered":"<p>Quando e Dove Vedere le Eclissi Solari Quando e Dove Vedere le Eclissi Solari in Spagna La Spagna sta per [&hellip;]<\/p>\n","protected":false},"author":3,"featured_media":0,"parent":0,"menu_order":0,"comment_status":"closed","ping_status":"closed","template":"","meta":{"site-sidebar-layout":"no-sidebar","site-content-layout":"","ast-site-content-layout":"full-width-container","site-content-style":"default","site-sidebar-style":"default","ast-global-header-display":"","ast-banner-title-visibility":"","ast-main-header-display":"","ast-hfb-above-header-display":"","ast-hfb-below-header-display":"","ast-hfb-mobile-header-display":"","site-post-title":"disabled","ast-breadcrumbs-content":"","ast-featured-img":"disabled","footer-sml-layout":"","ast-disable-related-posts":"","theme-transparent-header-meta":"","adv-header-id-meta":"","stick-header-meta":"","header-above-stick-meta":"","header-main-stick-meta":"","header-below-stick-meta":"","astra-migrate-meta-layouts":"default","ast-page-background-enabled":"default","ast-page-background-meta":{"desktop":{"background-color":"var(--ast-global-color-5)","background-image":"","background-repeat":"repeat","background-position":"center center","background-size":"auto","background-attachment":"scroll","background-type":"","background-media":"","overlay-type":"","overlay-color":"","overlay-opacity":"","overlay-gradient":""},"tablet":{"background-color":"","background-image":"","background-repeat":"repeat","background-position":"center center","background-size":"auto","background-attachment":"scroll","background-type":"","background-media":"","overlay-type":"","overlay-color":"","overlay-opacity":"","overlay-gradient":""},"mobile":{"background-color":"","background-image":"","background-repeat":"repeat","background-position":"center center","background-size":"auto","background-attachment":"scroll","background-type":"","background-media":"","overlay-type":"","overlay-color":"","overlay-opacity":"","overlay-gradient":""}},"ast-content-background-meta":{"desktop":{"background-color":"var(--ast-global-color-4)","background-image":"","background-repeat":"repeat","background-position":"center center","background-size":"auto","background-attachment":"scroll","background-type":"","background-media":"","overlay-type":"","overlay-color":"","overlay-opacity":"","overlay-gradient":""},"tablet":{"background-color":"var(--ast-global-color-4)","background-image":"","background-repeat":"repeat","background-position":"center center","background-size":"auto","background-attachment":"scroll","background-type":"","background-media":"","overlay-type":"","overlay-color":"","overlay-opacity":"","overlay-gradient":""},"mobile":{"background-color":"var(--ast-global-color-4)","background-image":"","background-repeat":"repeat","background-position":"center center","background-size":"auto","background-attachment":"scroll","background-type":"","background-media":"","overlay-type":"","overlay-color":"","overlay-opacity":"","overlay-gradient":""}},"_glsr_average":0,"_glsr_ranking":0,"_glsr_reviews":0,"footnotes":""},"class_list":["post-12778","page","type-page","status-publish","hentry"],"_links":{"self":[{"href":"https:\/\/eclipseglassesspain.com\/it\/wp-json\/wp\/v2\/pages\/12778","targetHints":{"allow":["GET"]}}],"collection":[{"href":"https:\/\/eclipseglassesspain.com\/it\/wp-json\/wp\/v2\/pages"}],"about":[{"href":"https:\/\/eclipseglassesspain.com\/it\/wp-json\/wp\/v2\/types\/page"}],"author":[{"embeddable":true,"href":"https:\/\/eclipseglassesspain.com\/it\/wp-json\/wp\/v2\/users\/3"}],"replies":[{"embeddable":true,"href":"https:\/\/eclipseglassesspain.com\/it\/wp-json\/wp\/v2\/comments?post=12778"}],"version-history":[{"count":4,"href":"https:\/\/eclipseglassesspain.com\/it\/wp-json\/wp\/v2\/pages\/12778\/revisions"}],"predecessor-version":[{"id":12807,"href":"https:\/\/eclipseglassesspain.com\/it\/wp-json\/wp\/v2\/pages\/12778\/revisions\/12807"}],"wp:attachment":[{"href":"https:\/\/eclipseglassesspain.com\/it\/wp-json\/wp\/v2\/media?parent=12778"}],"curies":[{"name":"wp","href":"https:\/\/api.w.org\/{rel}","templated":true}]}}